{"id":900,"date":"2023-02-20T14:31:00","date_gmt":"2023-02-20T14:31:00","guid":{"rendered":"https:\/\/grazingboxeshungary.com\/?page_id=900"},"modified":"2024-02-28T08:17:51","modified_gmt":"2024-02-28T08:17:51","slug":"adatvedelmi-tajekoztato","status":"publish","type":"page","link":"https:\/\/grazingboxeshungary.com\/en\/adatvedelmi-tajekoztato\/","title":{"rendered":"Adatv\u00e9delmi t\u00e1j\u00e9koztat\u00f3"},"content":{"rendered":"<p>[et_pb_section fb_built=&#8221;1&#8243; _builder_version=&#8221;4.19.5&#8243; _module_preset=&#8221;default&#8221; global_colors_info=&#8221;{}&#8221;][et_pb_row _builder_version=&#8221;4.19.5&#8243; _module_preset=&#8221;default&#8221; hover_enabled=&#8221;0&#8243; global_colors_info=&#8221;{}&#8221; sticky_enabled=&#8221;0&#8243;][et_pb_column type=&#8221;4_4&#8243; _builder_version=&#8221;4.19.5&#8243; _module_preset=&#8221;default&#8221; global_colors_info=&#8221;{}&#8221;][et_pb_text _builder_version=&#8221;4.19.5&#8243; _module_preset=&#8221;default&#8221; hover_enabled=&#8221;0&#8243; global_colors_info=&#8221;{}&#8221; sticky_enabled=&#8221;0&#8243;]<\/p>\n<p><strong>Adatkezel\u00e9si T\u00e1j\u00e9koztat\u00f3<\/strong><\/p>\n<ol><\/ol>\n<p>Jelen dokumentum tartalmazza a\u00a0<strong>Home for Travel Kft.<\/strong> mint a grazingboxeshungary.hu oldal \u00fczemeltet\u0151je (a tov\u00e1bbiakban:<strong>\u00a0Adatkezel\u0151<\/strong>) t\u00e1j\u00e9koztat\u00e1s\u00e1t a catering szolg\u00e1ltat\u00e1st ig\u00e9nybevev\u0151k (a tov\u00e1bbiakban:\u00a0<strong>\u00c9rintett<\/strong>) tekintet\u00e9ben a megadott szem\u00e9lyes adatoknak a kezel\u00e9s\u00e9vel kapcsolatban.<\/p>\n<p>El\u00e9rhet\u0151s\u00e9geink:<\/p>\n<p>C\u00edm: <strong>1071 Budapest, Dembinszky utca 19. 2\/4<\/strong><\/p>\n<p>E\u2010mail: info@grazingboxeshungary.hu<\/p>\n<p>Telefon: +36 70\u00a0342 2849<\/p>\n<p>Az adatkezel\u00e9si t\u00e1j\u00e9koztat\u00f3 az Eur\u00f3pai Parlament \u00e9s a Tan\u00e1cs (EU) 2016\/679 rendelete (2016. \u00e1prilis 27.) a term\u00e9szetes szem\u00e9lyeknek a szem\u00e9lyes adatok kezel\u00e9se tekintet\u00e9ben t\u00f6rt\u00e9n\u0151 v\u00e9delm\u00e9r\u0151l \u00e9s az ilyen adatok szabad \u00e1raml\u00e1s\u00e1r\u00f3l, valamint a 95\/46\/EK rendelet hat\u00e1lyon k\u00edv\u00fcl helyez\u00e9s\u00e9r\u0151l (\u00e1ltal\u00e1nos adatv\u00e9delmi rendelet) (a tov\u00e1bbiakban: Rendelet) szab\u00e1lyaival \u00f6sszhangban k\u00e9sz\u00fclt.<\/p>\n<ol>\n<li><strong> A kezelt adatok k\u00f6re, az adatkezel\u00e9s jogalapja, c\u00e9lja, \u00e9s az adatkezel\u00e9s id\u0151tartama<\/strong><\/li>\n<\/ol>\n<p><strong>1.1. Szerz\u0151d\u00e9s teljes\u00edt\u00e9se \u00e9rdek\u00e9ben kezelt adatok<\/strong><\/p>\n<p><strong>Adatkezel\u00e9si esetk\u00f6r le\u00edr\u00e1sa, az adatkezel\u00e9s c\u00e9lja \u00e9s a kezelt adatok k\u00f6re<\/strong><\/p>\n<p>Amennyiben megrendel\u00e9st ad le honlapunkon, a megb\u00edz\u00e1s teljes\u00edt\u00e9se \u00e9rdek\u00e9ben kezeln\u00fcnk kell az \u00d6n nev\u00e9t, sz\u00e1ll\u00edt\u00e1si \u00e9s sz\u00e1ml\u00e1z\u00e1si c\u00edm\u00e9t \u00e9s email c\u00edm\u00e9t.<\/p>\n<p>A megrendel\u00e9s sor\u00e1n email c\u00edm\u00e9re k\u00fcldj\u00fck a megrendel\u00e9ssel kapcsolatos inform\u00e1ci\u00f3kat, ha a megrendel\u00e9ssel kapcsolatban erre sz\u00fcks\u00e9g van, a sz\u00e1ll\u00edt\u00e1si c\u00edmre v\u00e9gezz\u00fck el a sz\u00e1ll\u00edt\u00e1st \u00e9s megadott adatai alapj\u00e1n \u00e1ll\u00edtjuk ki \u00d6nnek a sz\u00e1ml\u00e1t.<\/p>\n<p>A megrendel\u00e9s h\u00e1zhozsz\u00e1ll\u00edt\u00e1s\u00e1nak teljes\u00edt\u00e9s\u00e9nek \u00e9rdek\u00e9ben, az \u00d6n sz\u00e1ll\u00edt\u00e1si c\u00edm\u00e9t meg kell osztanunk a sz\u00e1ll\u00edt\u00e1sban k\u00f6zrem\u0171k\u00f6d\u0151 fut\u00e1runkkal, aki azonban titoktart\u00e1sra k\u00f6telezett.<\/p>\n<p><strong>Adatkezel\u00e9s jogalapja<\/strong><\/p>\n<p>Az adatkezel\u00e9s jogalapja a Rendelet 6. cikk (1) bekezd\u00e9s b) pontja alapj\u00e1n az \u00d6nnel, mint v\u00e1s\u00e1rl\u00f3val k\u00f6t\u00f6tt szerz\u0151d\u00e9s teljes\u00edt\u00e9se.<\/p>\n<p>A sz\u00e1mla eset\u00e9ben a sz\u00e1mla ki\u00e1ll\u00edt\u00e1sa az \u00c1fa t\u00f6rv\u00e9ny (2007. \u00e9vi CXXVII. t\u00f6rv\u00e9ny) 159. \u00a7 (1) bekezd\u00e9se alapj\u00e1n \u00e9s meg\u0151rz\u00e9se 8 \u00e9vig a sz\u00e1mvitelr\u0151l sz\u00f3l\u00f3 t\u00f6rv\u00e9ny (2000. \u00e9vi C. t\u00f6rv\u00e9ny) 169. \u00a7 (1) bekezd\u00e9se alapj\u00e1n jogi k\u00f6telezetts\u00e9g, \u00edgy a sz\u00e1mla eset\u00e9ben az adatkezel\u00e9s jogalapja a rendelet 6. cikk (1) bekezd\u00e9s c) pontja.<\/p>\n<p>Az adatok megad\u00e1sa felt\u00e9tele a szerz\u0151d\u00e9sk\u00f6t\u00e9snek, elengedhetetlen a v\u00e1s\u00e1rl\u00e1s teljes\u00edt\u00e9se \u00e9rdek\u00e9ben.<\/p>\n<p><strong>Adatkezel\u00e9s id\u0151tartama<\/strong><\/p>\n<p>Adatait a szerz\u0151d\u00e9s teljes\u00edt\u00e9s\u00e9t k\u00f6vet\u0151en a polg\u00e1ri jogi el\u00e9v\u00fcl\u00e9si id\u0151 letelt\u00e9ig (Ptk. 6:22. \u00a7 (1) bekezd\u00e9se alapj\u00e1n 5 \u00e9v) kezelj\u00fck, a sz\u00e1ml\u00e1n szerepl\u0151 adatokat azonban 8 \u00e9vig kell meg\u0151rizn\u00fcnk a sz\u00e1mvitelr\u0151l sz\u00f3l\u00f3 t\u00f6rv\u00e9ny el\u0151\u00edr\u00e1sai szerint.<\/p>\n<p><strong>1.2. Panasz\u00fcgyint\u00e9z\u00e9s, el\u00e1ll\u00e1s, szavatoss\u00e1gi jogi ig\u00e9ny kezel\u00e9se keret\u00e9ben kezelt adatok<\/strong><\/p>\n<p>Adatkezel\u00e9si esetk\u00f6r le\u00edr\u00e1sa, az adatkezel\u00e9s c\u00e9lja \u00e9s a kezelt adatok k\u00f6re<\/p>\n<p>Amennyiben a v\u00e1s\u00e1rolt term\u00e9kkel kapcsolatos b\u00e1rmilyen \u00fcgyint\u00e9z\u00e9st v\u00e9gz\u00fcnk, vagy az \u00d6n panasz\u00e1t kezelj\u00fck, az \u00fcgyint\u00e9z\u00e9s sor\u00e1n szem\u00e9lyes adatok kezel\u00e9s\u00e9t is megval\u00f3s\u00edtjuk. A panasz\u00fcgyint\u00e9z\u00e9ssel kapcsolatban az \u00d6n nev\u00e9t, el\u00e9rhet\u0151s\u00e9gi adatait (email c\u00edm, telefonsz\u00e1m, postai c\u00edm) \u00e9s panasz\u00e1t kezelj\u00fck.<\/p>\n<p>Az adatkezel\u00e9s c\u00e9lja a fogyaszt\u00f3v\u00e9delemr\u0151l sz\u00f3l\u00f3 1997. \u00e9vi CLV. t\u00f6rv\u00e9ny 17\/A. \u00a7-nak megfelel\u0151 panasz\u00fcgyint\u00e9z\u00e9s megval\u00f3s\u00edt\u00e1sa.<\/p>\n<p><strong>Adatkezel\u00e9s jogalapja<\/strong><\/p>\n<p>Az adatkezel\u00e9s jogalapja a Rendelet 6. cikk (1) bekezd\u00e9s c) pontja alapj\u00e1n\u00a0 fogyaszt\u00f3v\u00e9delemr\u0151l sz\u00f3l\u00f3 1997. \u00e9vi CLV. t\u00f6rv\u00e9ny 17\/A. \u00a7-ban\u00a0 el\u0151\u00edrt k\u00f6telezetts\u00e9gek teljes\u00edt\u00e9se.<\/p>\n<p><strong>Adatkezel\u00e9s id\u0151tartama<\/strong><\/p>\n<p>A fogyaszt\u00f3v\u00e9delmi t\u00f6rv\u00e9ny alapj\u00e1n az adatokat a panasz\u00fcgyint\u00e9z\u00e9st k\u00f6vet\u0151 5 \u00e9vig kell meg\u0151rizn\u00fcnk.<\/p>\n<p><strong>1.4. Kapcsolatfelv\u00e9tel men\u00fcpont<\/strong><\/p>\n<p><strong>Adatkezel\u00e9si esetk\u00f6r le\u00edr\u00e1sa, az adatkezel\u00e9s c\u00e9lja \u00e9s a kezelt adatok k\u00f6re<\/strong><\/p>\n<p>A weboldalunkon lehet\u0151s\u00e9get biztos\u00edtunk az \u00d6n sz\u00e1m\u00e1ra, hogy k\u00f6zvetlen\u00fcl kapcsolatba l\u00e9pjen vel\u00fcnk a kapcsolatfelv\u00e9teli \u0171rlap kit\u00f6lt\u00e9s\u00e9vel \u00e9s elk\u00fcld\u00e9s\u00e9vel. Az \u0171rlapon az \u00d6 nev\u00e9t, email c\u00edm\u00e9t \u00e9s az \u00fczenet\u00e9t kell megadnia.<\/p>\n<p><strong>Adatkezel\u00e9s jogalapja<\/strong><\/p>\n<p>Az adatkezel\u00e9s jogalapja a Rendelet 6. cikk (1) bekezd\u00e9s a) pontja alapj\u00e1n az \u00d6n hozz\u00e1j\u00e1rul\u00e1sa.<\/p>\n<p><strong>Adatkezel\u00e9s id\u0151tartama<\/strong><\/p>\n<p>Az adatait addig tartjuk ny\u00edlv\u00e1n,, am\u00edg a kapcsolatfelv\u00e9teli k\u00e9relm\u00e9t kezelj\u00fck.<\/p>\n<ol start=\"2\">\n<li><strong> Adatfeldolgoz\u00f3k<\/strong><\/li>\n<\/ol>\n<p>Az adatok kezel\u00e9se sor\u00e1n adatfeldolgoz\u00f3k\u00e9nt vessz\u00fck ig\u00e9nybe a Webonic Kft. (sz\u00e9khely: 8000 Sz\u00e9kesfeh\u00e9rv\u00e1r Budai \u00fat 9-11., email: support@webonic.hu) szolg\u00e1ltat\u00e1sait, aki a t\u00e1rhelyszolg\u00e1ltat\u00e1st v\u00e9gzi.<\/p>\n<p>A sz\u00e1ml\u00e1z\u00e1s \u00e9rdek\u00e9ben a onlineszamla.nav.gov.hu oldal szolg\u00e1ltat\u00e1s\u00e1t vessz\u00fck ig\u00e9nybe!<\/p>\n<ol start=\"3\">\n<li><strong> Cookie adatkezel\u00e9s<\/strong><\/li>\n<\/ol>\n<p>A www.grazingboxeshungary.hu weboldal egyes r\u00e9szei az \u00d6n azonos\u00edt\u00e1s\u00e1nak \u00e9rdek\u00e9ben kism\u00e9ret\u0171 adatf\u00e1jlokat (a tov\u00e1bbiakban: cookie) haszn\u00e1lnak. A weboldal l\u00e1togat\u00e1s\u00e1val \u00e9s annak egyes funkci\u00f3i haszn\u00e1lat\u00e1val \u00c9rintett hozz\u00e1j\u00e1rul\u00e1s\u00e1t adja ahhoz, hogy az eml\u00edtett cookie-k az \u00c9rintett sz\u00e1m\u00edt\u00f3g\u00e9p\u00e9n t\u00e1rol\u00f3djanak \u00e9s ahhoz <a href=\"http:\/\/www.grazingboxeshungary.hu\">www.grazingboxeshungary.hu<\/a> mint adatkezel\u0151 hozz\u00e1f\u00e9rhessen.<\/p>\n<p>\u00d6n a b\u00f6ng\u00e9sz\u0151 program seg\u00edts\u00e9g\u00e9vel be\u00e1ll\u00edthatja \u00e9s megg\u00e1tolhatja a cookie-kal kapcsolatos tev\u00e9kenys\u00e9get. Felh\u00edvjuk azonban figyelm\u00e9t arra, hogy ez ut\u00f3bbi esetben, a cookie-k haszn\u00e1lata n\u00e9lk\u00fcl el\u0151fordulhat, hogy nem lesz k\u00e9pes haszn\u00e1lni a weboldal minden szolg\u00e1ltat\u00e1s\u00e1t.<\/p>\n<p>A szolg\u00e1ltat\u00f3, technikai k\u00f6zrem\u0171k\u00f6d\u0151k\u00e9nt biztos\u00edthatja, hogy a honlapok l\u00e1togat\u00e1sa sor\u00e1n a szolg\u00e1ltat\u00f3val egy\u00fcttm\u0171k\u00f6d\u0151 harmadik szem\u00e9lyek, k\u00fcl\u00f6n\u00f6sen a Google Inc. cookie-k seg\u00edts\u00e9g\u00e9vel t\u00e1rolj\u00e1k, ha az \u00c9rintett kor\u00e1bban m\u00e1r l\u00e1togat\u00e1st tett a szolg\u00e1ltat\u00f3 honlapj\u00e1n \u00e9s ez alapj\u00e1n hirdet\u00e9st jelen\u00edthetnek meg az \u00c9rintettnek.<\/p>\n<p>A cookie-t egyed\u00fcl \u00d6n k\u00e9pes csak t\u00f6r\u00f6lni saj\u00e1t sz\u00e1m\u00edt\u00f3g\u00e9p\u00e9r\u0151l, illetve be\u00e1ll\u00edthatja b\u00f6ng\u00e9sz\u0151j\u00e9t, hogy a cookie-k alkalmaz\u00e1s\u00e1t tiltsa. Ezen t\u00falmen\u0151en a Google biztos\u00edtja, hogy a felhaszn\u00e1l\u00f3 a Google \u00e1ltal megjelen\u00edtett hirdet\u00e9sek kikapcsol\u00e1s\u00e1ra szolg\u00e1l\u00f3 oldalon (<a href=\"http:\/\/www.google.hu\/policies\/technologies\/ads\/\">http:\/\/www.google.hu\/policies\/technologies\/ads\/<\/a>) letilthatja a Google \u00e1ltal elhelyezett cookie-kat. A cookie-k alkalmaz\u00e1s\u00e1nak tilt\u00e1s\u00e1val, t\u00f6rl\u00e9s\u00e9vel a honlapok haszn\u00e1lata k\u00e9nyelmetlenebb\u00e9 v\u00e1lhat az \u00c9rintett sz\u00e1m\u00e1ra.<\/p>\n<p><strong>Mik azok a s\u00fctik \u00e9s hogyan kezelj\u00fck \u0151ket?<\/strong><\/p>\n<p>A s\u00fctik (cookie-k) olyan kism\u00e9ret\u0171 adatf\u00e1jlok (tov\u00e1bbiakban: s\u00fctik), amelyek a weboldalon kereszt\u00fcl a weboldal haszn\u00e1lat\u00e1val ker\u00fclnek az \u00d6n sz\u00e1m\u00edt\u00f3g\u00e9p\u00e9re \u00fagy, hogy azokat az \u00d6n internetes b\u00f6ng\u00e9sz\u0151je menti le \u00e9s t\u00e1rolja el.<\/p>\n<p>A s\u00fctik \u00e1ltal\u00e1nos feladatai:<\/p>\n<ul>\n<li>inform\u00e1ci\u00f3kat gy\u0171jtenek a l\u00e1togat\u00f3kr\u00f3l \u00e9s eszk\u00f6zeikr\u0151l;<\/li>\n<li>megjegyzik a l\u00e1togat\u00f3k egy\u00e9ni be\u00e1ll\u00edt\u00e1sait, amelyek felhaszn\u00e1l\u00e1sra ker\u00fcl(het)nek pl. online tranzakci\u00f3k ig\u00e9nybev\u00e9telekor, \u00edgy nem kell \u00fajra beg\u00e9pelni \u0151ket;<\/li>\n<li>megk\u00f6nny\u00edtik a weboldal haszn\u00e1lat\u00e1t;<\/li>\n<li>min\u0151s\u00e9gi felhaszn\u00e1l\u00f3i \u00e9lm\u00e9nyt biztos\u00edtanak.<\/li>\n<\/ul>\n<p>A testre szabott kiszolg\u00e1l\u00e1s \u00e9rdek\u00e9ben a felhaszn\u00e1l\u00f3 sz\u00e1m\u00edt\u00f3g\u00e9p\u00e9n kis adatcsomagot, \u00fan. s\u00fctit (cookie) helyez el \u00e9s a k\u00e9s\u0151bbi l\u00e1togat\u00e1s sor\u00e1n olvas vissza. Ha a b\u00f6ng\u00e9sz\u0151 visszak\u00fcld egy kor\u00e1bban elmentett s\u00fctit, a s\u00fctit kezel\u0151 szolg\u00e1ltat\u00f3nak lehet\u0151s\u00e9ge van \u00f6sszekapcsolni a felhaszn\u00e1l\u00f3 aktu\u00e1lis l\u00e1togat\u00e1s\u00e1t a kor\u00e1bbiakkal, de kiz\u00e1r\u00f3lag a saj\u00e1t tartalma tekintet\u00e9ben.<\/p>\n<p>A leggyakrabban haszn\u00e1lt internetes b\u00f6ng\u00e9sz\u0151k (Chrome, Firefox, Edge, Explorer, Opera, Safari, stb.) t\u00f6bbs\u00e9ge alapbe\u00e1ll\u00edt\u00e1sk\u00e9nt elfogadja \u00e9s enged\u00e9lyezi a s\u00fctik let\u00f6lt\u00e9s\u00e9t \u00e9s haszn\u00e1lat\u00e1t, az viszont m\u00e1r \u00d6nt\u0151l f\u00fcgg, hogy a b\u00f6ng\u00e9sz\u0151 be\u00e1ll\u00edt\u00e1sainak m\u00f3dos\u00edt\u00e1s\u00e1val ezeket visszautas\u00edtja vagy letiltja, illetve \u00d6n a m\u00e1r a sz\u00e1m\u00edt\u00f3g\u00e9pen l\u00e9v\u0151 elt\u00e1rolt s\u00fctiket is tudja t\u00f6r\u00f6lni.<\/p>\n<p>A s\u00fctik haszn\u00e1lat\u00e1r\u00f3l az egyes b\u00f6ng\u00e9sz\u0151k \u201es\u00fag\u00f3\u201d men\u00fcpontja ny\u00fajt b\u0151vebb t\u00e1j\u00e9koztat\u00e1st.<\/p>\n<p>S\u00fctik kikapcsol\u00e1sa az egyes b\u00f6ng\u00e9sz\u0151k eset\u00e9ben:<\/p>\n<ul>\n<li>Chrome:\u00a0<a href=\"https:\/\/support.google.com\/accounts\/answer\/61416?hl=hu\">https:\/\/support.google.com\/accounts\/answer\/61416?hl=hu<br \/><\/a><\/li>\n<li>Firefox:\u00a0<a href=\"https:\/\/support.mozilla.org\/hu\/kb\/sutik-informacio-amelyet-weboldalak-tarolnak-szami?redirectlocale=hu&amp;redirectslug\">https:\/\/support.mozilla.org\/hu\/kb\/sutik-informacio-amelyet-weboldalak-tarolnak-szami?redirectlocale=hu&amp;redirectslug<\/a>=S\u00fctik+kezel\u00e9se<\/li>\n<li>Internet Explorer:\u00a0<u>https:\/\/support.microsoft.com\/hu-hu\/help\/17442\/windows-internet-explorer-delete-manage-cookies#ie=ie-11<\/u><\/li>\n<li>Safari:\u00a0<a href=\"https:\/\/support.apple.com\/kb\/PH21411?viewlocale=en_US&amp;locale=en_US\">https:\/\/support.apple.com\/kb\/PH21411?viewlocale=en_US&amp;locale=en_US<br \/><\/a><\/li>\n<li>Edge:\u00a0<a href=\"https:\/\/support.microsoft.com\/hu-hu\/help\/10607\/microsoft-edge-view-delete-%20browser-history\">https:\/\/support.microsoft.com\/hu-hu\/help\/10607\/microsoft-edge-view-delete- \u00a0\u00a0\u00a0\u00a0\u00a0\u00a0\u00a0 browser-history<br \/><\/a><\/li>\n<li>Opera:\u00a0<a href=\"http:\/\/help.opera.com\/Windows\/10.20\/hu\/cookies.html\">http:\/\/help.opera.com\/Windows\/10.20\/hu\/cookies.html<\/a><\/li>\n<\/ul>\n<ol start=\"4\">\n<li><strong> Az \u00d6n jogai az adatkezel\u00e9ssel kapcsolatban<\/strong><\/li>\n<\/ol>\n<p>Az adatkezel\u00e9s id\u0151tartam\u00e1n bel\u00fcl \u00d6nt a Rendelet el\u0151\u00edr\u00e1sai szerint az al\u00e1bbi jogok illetik meg:<\/p>\n<ul>\n<li>szem\u00e9lyes adatokhoz \u00e9s az adatkezel\u00e9ssel kapcsolatos inform\u00e1ci\u00f3khoz val\u00f3 hozz\u00e1f\u00e9r\u00e9s,<\/li>\n<li>helyesb\u00edt\u00e9shez val\u00f3 jog<\/li>\n<li>adatkezel\u00e9s korl\u00e1toz\u00e1sa,<\/li>\n<li>t\u00f6rl\u00e9shez val\u00f3 jog,<\/li>\n<li>hordozhat\u00f3s\u00e1ghoz val\u00f3 jog,<\/li>\n<li>tiltakoz\u00e1shoz val\u00f3 jog,<\/li>\n<li>hozz\u00e1j\u00e1rul\u00e1s visszavon\u00e1si joga.<\/li>\n<\/ul>\n<p>Amennyiben \u00d6n jogaival \u00e9lni k\u00edv\u00e1n, az az \u00d6n azonos\u00edt\u00e1s\u00e1val j\u00e1r egy\u00fctt, valamint \u00d6nnel sz\u00fcks\u00e9gszer\u0171en kommunik\u00e1lnunk kell. Ez\u00e9rt az azonos\u00edt\u00e1s \u00e9rdek\u00e9ben szem\u00e9lyes adatok megad\u00e1s\u00e1ra lesz sz\u00fcks\u00e9g (de az azonos\u00edt\u00e1s csak olyan adaton alapulhat, amelyet egy\u00e9bk\u00e9nt is kezel\u00fcnk \u00d6nr\u0151l), valamint az email fi\u00f3kunkban el\u00e9rhet\u0151ek lesznek az \u00d6n adatkezel\u00e9ssel kapcsolatos panaszai a jelen t\u00e1j\u00e9koztat\u00f3ban, a panaszokkal kapcsolatban megjel\u00f6lt id\u0151tartamon bel\u00fcl.<\/p>\n<p>Az adatkezel\u00e9ssel kapcsolatos panaszokat legk\u00e9s\u0151bb 30 napon bel\u00fcl v\u00e1laszoljuk meg.<\/p>\n<p><strong>4.1. A hozz\u00e1j\u00e1rul\u00e1s visszavon\u00e1s\u00e1nak joga<\/strong><\/p>\n<p>\u00d6n b\u00e1rmikor jogosult az adatkezel\u00e9shez adott hozz\u00e1j\u00e1rul\u00e1st visszavonni, ilyen esetben a megadott adatokat rendszereinkb\u0151l t\u00f6r\u00f6lj\u00fck.<\/p>\n<p><strong>4.2. A szem\u00e9lyes adatokhoz \u00e9s inform\u00e1ci\u00f3khoz val\u00f3 hozz\u00e1f\u00e9r\u00e9s.<\/strong><\/p>\n<p>\u00d6n jogosult arra, hogy visszajelz\u00e9st kapjon arra vonatkoz\u00f3an, hogy szem\u00e9lyes adatainak kezel\u00e9se folyamatban van-e, \u00e9s ha adatkezel\u00e9s folyamatban van, jogosult arra, hogy:<\/p>\n<ul>\n<li>a kezelt szem\u00e9lyes adatokhoz hozz\u00e1f\u00e9r\u00e9st kapjon \u00e9s<\/li>\n<li>a k\u00f6vetkez\u0151 inform\u00e1ci\u00f3kr\u00f3l t\u00e1j\u00e9koztassuk:\n<ul>\n<li>az adatkezel\u00e9s c\u00e9ljai;<\/li>\n<li>az \u00d6nr\u0151l kezelt szem\u00e9lyes adatok kateg\u00f3ri\u00e1i;<\/li>\n<li>inform\u00e1ci\u00f3 azon c\u00edmzettekr\u0151l vagy c\u00edmzettek kateg\u00f3ri\u00e1ir\u00f3l, akikkel, illetve amelyekkel a szem\u00e9lyes adatokat k\u00f6z\u00f6lt\u00fck vagy k\u00f6z\u00f6lni fogjuk;<\/li>\n<li>a szem\u00e9lyes adatok t\u00e1rol\u00e1s\u00e1nak tervezett id\u0151tartama, vagy ha ez nem lehets\u00e9ges, ezen id\u0151tartam meghat\u00e1roz\u00e1s\u00e1nak szempontjai;<\/li>\n<li>az \u00d6n azon joga, hogy k\u00e9relmezheti az \u00d6nre vonatkoz\u00f3 szem\u00e9lyes adatok helyesb\u00edt\u00e9s\u00e9t, t\u00f6rl\u00e9s\u00e9t vagy kezel\u00e9s\u00e9nek korl\u00e1toz\u00e1s\u00e1t, \u00e9s jogos \u00e9rdeken alapul\u00f3 adatkezel\u00e9s eset\u00e9n tiltakozhat az ilyen szem\u00e9lyes adatok kezel\u00e9se ellen;<\/li>\n<li>a fel\u00fcgyeleti hat\u00f3s\u00e1ghoz c\u00edmzett panasz beny\u00fajt\u00e1s\u00e1nak joga;<\/li>\n<li>ha az adatokat nem \u00d6nt\u0151l gy\u0171jt\u00f6tt\u00e9k be, a forr\u00e1sukra vonatkoz\u00f3 minden el\u00e9rhet\u0151 inform\u00e1ci\u00f3;<\/li>\n<li>az automatiz\u00e1lt d\u00f6nt\u00e9shozatal t\u00e9ny\u00e9r\u0151l (ha alkalmazott ilyen elj\u00e1r\u00e1s), ide\u00e9rtve a profilalkot\u00e1st is, valamint legal\u00e1bb ezekben az esetekben az alkalmazott logik\u00e1ra \u00e9s arra vonatkoz\u00f3an \u00e9rthet\u0151 inform\u00e1ci\u00f3kat, hogy az ilyen adatkezel\u00e9s milyen jelent\u0151s\u00e9ggel, \u00e9s \u00d6nre n\u00e9zve milyen v\u00e1rhat\u00f3 k\u00f6vetkezm\u00e9nyekkel b\u00edr.<\/li>\n<\/ul>\n<\/li>\n<\/ul>\n<p>A jog gyakorl\u00e1s\u00e1nak c\u00e9lja az adatkezel\u00e9s jogszer\u0171s\u00e9g\u00e9nek meg\u00e1llap\u00edt\u00e1s\u00e1ra \u00e9s ellen\u0151rz\u00e9s\u00e9re ir\u00e1nyulhat, ez\u00e9rt t\u00f6bbsz\u00f6ri t\u00e1j\u00e9koztat\u00e1s k\u00e9r\u00e9s eset\u00e9n m\u00e9lt\u00e1nyos k\u00f6lts\u00e9gt\u00e9r\u00edt\u00e9st sz\u00e1molhatunk fel a t\u00e1j\u00e9koztat\u00e1s teljes\u00edt\u00e9s\u00e9\u00e9rt cser\u00e9be.<\/p>\n<p>A szem\u00e9lyes adatokhoz val\u00f3 hozz\u00e1f\u00e9r\u00e9st \u00fagy biztos\u00edtjuk, hogy az \u00d6n azonos\u00edt\u00e1s\u00e1t k\u00f6vet\u0151en emailben juttatjuk el \u00d6nh\u00f6z a kezelt szem\u00e9lyes adatokat \u00e9s az inform\u00e1ci\u00f3kat.<\/p>\n<p>K\u00e9rj\u00fck, hogy k\u00e9relm\u00e9ben jel\u00f6lje meg, hogy a szem\u00e9lyes adatokhoz k\u00e9r hozz\u00e1f\u00e9r\u00e9st, vagy az adatkezel\u00e9ssel kapcsolatos inform\u00e1ci\u00f3kat k\u00e9ri.<\/p>\n<p><strong>4.3. Helyesb\u00edt\u00e9shez val\u00f3 jog.<\/strong><\/p>\n<p>\u00d6n jogosult arra, hogy k\u00e9r\u00e9s\u00e9re k\u00e9sedelem n\u00e9lk\u00fcl helyesb\u00edts\u00fck az \u00d6nre vonatkoz\u00f3 pontatlan szem\u00e9lyes adatokat.<\/p>\n<p><strong>4.4. Adatkezel\u00e9s korl\u00e1toz\u00e1s\u00e1hoz val\u00f3 jog.<\/strong><\/p>\n<p>\u00d6n jogosult arra, hogy k\u00e9r\u00e9s\u00e9re korl\u00e1tozzuk az adatkezel\u00e9st, ha az al\u00e1bbiak valamelyike teljes\u00fcl:<\/p>\n<ul>\n<li>\u00d6n vitatja a \u00a0\u00a0\u00a0\u00a0\u00a0\u00a0 szem\u00e9lyes adatok pontoss\u00e1g\u00e1t, ez esetben a korl\u00e1toz\u00e1s arra az \u00a0\u00a0\u00a0\u00a0\u00a0\u00a0\u00a0\u00a0\u00a0\u00a0\u00a0\u00a0 id\u0151tartamra vonatkozik, amely lehet\u0151v\u00e9 teszi, hogy ellen\u0151rizz\u00fck \u00a0\u00a0\u00a0\u00a0\u00a0\u00a0\u00a0\u00a0\u00a0\u00a0\u00a0\u00a0 a szem\u00e9lyes adatok pontoss\u00e1g\u00e1t, ha az ellen\u0151rz\u00e9sre nincs \u00a0\u00a0\u00a0\u00a0\u00a0\u00a0\u00a0\u00a0\u00a0\u00a0\u00a0\u00a0\u00a0\u00a0 sz\u00fcks\u00e9g, akkor korl\u00e1toz\u00e1st sem alkalmazunk;<\/li>\n<li>az adatkezel\u00e9s jogellenes, \u00e9s \u00d6n ellenzi az adatok t\u00f6rl\u00e9s\u00e9t, \u00e9s ehelyett k\u00e9ri \u00a0\u00a0\u00a0 azok felhaszn\u00e1l\u00e1s\u00e1nak korl\u00e1toz\u00e1s\u00e1t;<\/li>\n<li>m\u00e1r nincs sz\u00fcks\u00e9g\u00fcnk a szem\u00e9lyes adatokra a megjel\u00f6lt adatkezel\u00e9s \u00a0\u00a0\u00a0\u00a0\u00a0\u00a0 c\u00e9lj\u00e1b\u00f3l, de \u00d6n ig\u00e9nyli azokat jogi ig\u00e9nyek el\u0151terjeszt\u00e9s\u00e9hez, \u00a0\u00a0\u00a0\u00a0\u00a0 \u00e9rv\u00e9nyes\u00edt\u00e9s\u00e9hez vagy v\u00e9delm\u00e9hez; vagy<\/li>\n<li>\u00d6n tiltakozott az adatkezel\u00e9s ellen, de jogos \u00e9rdek\u00fcnk is megalapozhatja az \u00a0\u00a0\u00a0\u00a0\u00a0 adatkezel\u00e9st, ez esetben am\u00edg meg\u00e1llap\u00edt\u00e1sra nem ker\u00fcl, hogy \u00a0\u00a0 jogos indokaink els\u0151bbs\u00e9get \u00e9lveznek-e az \u00d6n jogos indokaival \u00a0\u00a0\u00a0\u00a0\u00a0\u00a0\u00a0\u00a0\u00a0\u00a0\u00a0\u00a0\u00a0\u00a0 szemben, az adatkezel\u00e9st korl\u00e1tozni kell.<\/li>\n<\/ul>\n<p>Ha az adatkezel\u00e9s korl\u00e1toz\u00e1s al\u00e1 esik, az ilyen szem\u00e9lyes adatokat a t\u00e1rol\u00e1s kiv\u00e9tel\u00e9vel csak az \u00d6n hozz\u00e1j\u00e1rul\u00e1s\u00e1val, vagy jogi ig\u00e9nyek el\u0151terjeszt\u00e9s\u00e9hez, \u00e9rv\u00e9nyes\u00edt\u00e9s\u00e9hez vagy v\u00e9delm\u00e9hez, vagy m\u00e1s term\u00e9szetes vagy jogi szem\u00e9ly jogainak v\u00e9delme \u00e9rdek\u00e9ben, vagy az Uni\u00f3, illetve valamely tag\u00e1llam fontos k\u00f6z\u00e9rdek\u00e9b\u0151l lehet kezelni.<\/p>\n<p>Az adatkezel\u00e9s korl\u00e1toz\u00e1s\u00e1nak felold\u00e1s\u00e1r\u00f3l el\u0151zetesen (legal\u00e1bb a korl\u00e1toz\u00e1s felold\u00e1s\u00e1t megel\u0151z\u0151 3 munkanappal) t\u00e1j\u00e9koztatjuk \u00d6nt.<\/p>\n<p><strong>4.5. T\u00f6rl\u00e9shez \u2013 elfeledtet\u00e9shez val\u00f3 jog.<\/strong><\/p>\n<p>\u00d6n jogosult arra, hogy indokolatlan k\u00e9sedelem n\u00e9lk\u00fcl t\u00f6r\u00f6lj\u00fck az \u00d6nre vonatkoz\u00f3 szem\u00e9lyes adatokat, ha az al\u00e1bbi indokok valamelyike fenn\u00e1ll:<\/p>\n<ul>\n<li>a szem\u00e9lyes adatokra m\u00e1r nincs sz\u00fcks\u00e9g abb\u00f3l a c\u00e9lb\u00f3l, amelyb\u0151l azokat gy\u0171jt\u00f6tt\u00fck vagy kezelt\u00fck;<\/li>\n<li>\u00d6n visszavonja hozz\u00e1j\u00e1rul\u00e1s\u00e1t \u00e9s az adatkezel\u00e9snek nincs m\u00e1s jogalapja;<\/li>\n<li>\u00d6n tiltakozik a jogos \u00e9rdeken alapul\u00f3 adatkezel\u00e9s ellen, \u00e9s nincs els\u0151bbs\u00e9get \u00e9lvez\u0151 jogszer\u0171 ok (azaz jogos \u00e9rdek) az adatkezel\u00e9sre,<\/li>\n<li>a szem\u00e9lyes adatokat jogellenesen kezelt\u00fck \u00e9s ez a panasz alapj\u00e1n meg\u00e1llap\u00edt\u00e1st nyert,<\/li>\n<li>a szem\u00e9lyes adatokat a r\u00e1nk alkalmazand\u00f3 uni\u00f3s vagy tag\u00e1llami jogban el\u0151\u00edrt jogi k\u00f6telezetts\u00e9g teljes\u00edt\u00e9s\u00e9hez t\u00f6r\u00f6lni kell.<\/li>\n<\/ul>\n<p>Ha b\u00e1rmely jogszer\u0171 okn\u00e1l fogva nyilv\u00e1noss\u00e1gra hoztuk az \u00d6nr\u0151l kezelt szem\u00e9lyes adatot, \u00e9s b\u00e1rmely fent megjel\u00f6lt okb\u00f3l t\u00f6r\u00f6lni vagyunk k\u00f6telesek azt, az el\u00e9rhet\u0151 technol\u00f3gia \u00e9s a megval\u00f3s\u00edt\u00e1s k\u00f6lts\u00e9geinek figyelembev\u00e9tel\u00e9vel megtessz\u00fck az \u00e9szszer\u0171en elv\u00e1rhat\u00f3 l\u00e9p\u00e9seket \u2013 ide\u00e9rtve technikai int\u00e9zked\u00e9seket \u2013 annak \u00e9rdek\u00e9ben, hogy t\u00e1j\u00e9koztassuk az adatokat kezel\u0151 m\u00e1s adatkezel\u0151ket, hogy \u00d6n k\u00e9relmezte a sz\u00f3ban forg\u00f3 szem\u00e9lyes adatokra mutat\u00f3 linkek vagy e szem\u00e9lyes adatok m\u00e1solat\u00e1nak, illetve m\u00e1sodp\u00e9ld\u00e1ny\u00e1nak t\u00f6rl\u00e9s\u00e9t. F\u0151szab\u00e1lyk\u00e9nt az \u00d6n szem\u00e9lyes adatait nem hozzuk nyilv\u00e1noss\u00e1gra.<\/p>\n<p>A t\u00f6rl\u00e9s nem alkalmazand\u00f3, amennyiben az adatkezel\u00e9s sz\u00fcks\u00e9ges:<\/p>\n<ul>\n<li>a v\u00e9lem\u00e9nynyilv\u00e1n\u00edt\u00e1s szabads\u00e1g\u00e1hoz \u00e9s a t\u00e1j\u00e9koz\u00f3d\u00e1shoz val\u00f3 jog gyakorl\u00e1sa c\u00e9lj\u00e1b\u00f3l;<\/li>\n<li>a szem\u00e9lyes adatok kezel\u00e9s\u00e9t el\u0151\u00edr\u00f3, a r\u00e1nk alkalmazand\u00f3 uni\u00f3s vagy tag\u00e1llami jog szerinti k\u00f6telezetts\u00e9g teljes\u00edt\u00e9se (ilyen eset a sz\u00e1ml\u00e1z\u00e1s keret\u00e9ben megval\u00f3sul\u00f3 adatkezel\u00e9s, mivel a sz\u00e1mla meg\u0151rz\u00e9s\u00e9t jogszab\u00e1ly \u00edrja el\u0151), illetve k\u00f6z\u00e9rdekb\u0151l vagy az adatkezel\u0151re \u00a0\u00a0\u00a0\u00a0\u00a0\u00a0\u00a0\u00a0\u00a0\u00a0 ruh\u00e1zott k\u00f6zhatalmi jogos\u00edtv\u00e1ny gyakorl\u00e1sa keret\u00e9ben v\u00e9gzett feladat v\u00e9grehajt\u00e1sa c\u00e9lj\u00e1b\u00f3l;<\/li>\n<li>jogi ig\u00e9nyek el\u0151terjeszt\u00e9s\u00e9hez, \u00e9rv\u00e9nyes\u00edt\u00e9s\u00e9hez, illetve v\u00e9delm\u00e9hez (pl.: ha \u00d6n fel\u00e9 k\u00f6vetel\u00e9s\u00fcnk \u00e1ll fenn \u00e9s azt m\u00e9g nem\u00a0 teljes\u00edtette, vagy fogyaszt\u00f3i, adatkezel\u00e9si panasz int\u00e9z\u00e9se van \u00a0\u00a0\u00a0\u00a0\u00a0\u00a0\u00a0\u00a0 folyamatban).<\/li>\n<\/ul>\n<p><strong>4.6. Tiltakoz\u00e1shoz val\u00f3 jog<\/strong><\/p>\n<p>\u00d6n jogosult arra, hogy a saj\u00e1t helyzet\u00e9vel kapcsolatos okokb\u00f3l b\u00e1rmikor tiltakozzon szem\u00e9lyes adatainak jogos \u00e9rdeken alapul\u00f3 kezel\u00e9se ellen. Ebben az esetben a szem\u00e9lyes adatokat nem kezelhetj\u00fck tov\u00e1bb, kiv\u00e9ve, ha azt bizony\u00edtjuk, hogy az adatkezel\u00e9st olyan k\u00e9nyszer\u00edt\u0151 erej\u0171 jogos okok indokolj\u00e1k, amelyek els\u0151bbs\u00e9get \u00e9lveznek az \u00d6n \u00e9rdekeivel, jogaival \u00e9s szabads\u00e1gaival szemben, vagy amelyek jogi ig\u00e9nyek el\u0151terjeszt\u00e9s\u00e9hez, \u00e9rv\u00e9nyes\u00edt\u00e9s\u00e9hez vagy v\u00e9delm\u00e9hez kapcsol\u00f3dnak.<\/p>\n<p><strong>4.7. Hordozhat\u00f3s\u00e1ghoz val\u00f3 jog<\/strong><\/p>\n<p>Amennyiben az adatkezel\u00e9s szerz\u0151d\u00e9s teljes\u00edt\u00e9s\u00e9hez sz\u00fcks\u00e9ges, vagy az adatkezel\u00e9s az \u00d6n \u00f6nk\u00e9ntes hozz\u00e1j\u00e1rul\u00e1s\u00e1n alapul, \u00d6nnek joga van arra, hogy k\u00e9rje, hogy az \u00d6n \u00e1ltal a r\u00e9sz\u00fcnkre megadott adatokat g\u00e9pileg \u00e9rtelmezhet\u0151 form\u00e1ban megkapja, amit xml, JSON, vagy csv form\u00e1tumban bocs\u00e1tunk az \u00d6n rendelkez\u00e9s\u00e9re. Amennyiben ez technikailag megval\u00f3s\u00edthat\u00f3, akkor k\u00e9rheti, hogy az adatokat ebben a form\u00e1ban m\u00e1s adatkezel\u0151 sz\u00e1m\u00e1ra tov\u00e1bb\u00edtsuk.<\/p>\n<p><strong>4.8. Jogorvoslati lehet\u0151s\u00e9gek<\/strong><\/p>\n<p>Amennyiben \u00d6n szerint megs\u00e9rtett\u00fck valamely, az adatkezel\u00e9sre vonatkoz\u00f3 t\u00f6rv\u00e9nyi rendelkez\u00e9st, vagy nem teljes\u00edtett\u00fck valamely k\u00e9relm\u00e9t, akkor v\u00e9lelmezett jogellenes adatkezel\u00e9s megsz\u00fcntet\u00e9se \u00e9rdek\u00e9ben a Nemzeti Adatv\u00e9delmi \u00e9s Inform\u00e1ci\u00f3szabads\u00e1g Hat\u00f3s\u00e1g vizsg\u00e1lati elj\u00e1r\u00e1s\u00e1t kezdem\u00e9nyezheti (levelez\u00e9si c\u00edm: 1530 Budapest, Pf.: 5., e-mail: ugyfelszolgalat@naih.hu).<\/p>\n<p>T\u00e1j\u00e9koztatjuk emellett arr\u00f3l is, hogy polg\u00e1ri pert is ind\u00edthat b\u00edr\u00f3s\u00e1g el\u0151tt.<\/p>\n<ol start=\"5\">\n<li><strong> Adatbiztons\u00e1g<\/strong><\/li>\n<\/ol>\n<p>Az informatikai rendszerek m\u0171k\u00f6dtet\u00e9se sor\u00e1n a sz\u00fcks\u00e9ges jogosults\u00e1gkezel\u00e9si, bels\u0151 szervez\u00e9si \u00e9s technikai megold\u00e1sokkal biztos\u00edtjuk, hogy adatai illet\u00e9ktelen szem\u00e9lyek birtok\u00e1ba ne juthassanak, illet\u00e9ktelen szem\u00e9lyek az adatokat ne tudj\u00e1k t\u00f6r\u00f6lni, kimenteni a rendszerb\u0151l, vagy m\u00f3dos\u00edtani. Az adatv\u00e9delmi \u00e9s adatbiztons\u00e1gi k\u00f6vetelm\u00e9nyek \u00e9rv\u00e9nyes\u00edt\u00e9sre ker\u00fclnek az adatfeldolgoz\u00f3inkkal szemben is az \u00e1tadot adatok vonatkoz\u00e1s\u00e1ban.<\/p>\n<p>Az esetleges adatv\u00e9delmi incidensekr\u0151l nyilv\u00e1ntart\u00e1st vezet\u00fcnk, amennyiben sz\u00fcks\u00e9ges, a felmer\u00fcl\u0151 incidensekr\u0151l t\u00e1j\u00e9koztatjuk \u00d6nt.<\/p>\n<ol start=\"6\">\n<li><strong> Egy\u00e9b rendelkez\u00e9sek<\/strong><\/li>\n<\/ol>\n<p>Fenntartjuk a jogot, hogy jelen adatkezel\u00e9si t\u00e1j\u00e9koztat\u00f3t az adatkezel\u00e9s c\u00e9lj\u00e1t \u00e9s jogalapj\u00e1t nem \u00e9rint\u0151 m\u00f3don m\u00f3dos\u00edtsuk.<\/p>\n<p>Amennyiben azonban a gy\u0171jt\u00f6tt adatokkal kapcsolatban a gy\u0171jt\u00e9s\u00fck c\u00e9lj\u00e1t\u00f3l elt\u00e9r\u0151 c\u00e9lb\u00f3l tov\u00e1bbi adatkezel\u00e9st k\u00edv\u00e1nunk v\u00e9gezni a tov\u00e1bbi adatkezel\u00e9st megel\u0151z\u0151en t\u00e1j\u00e9koztatjuk \u00d6nt az adatkezel\u00e9s c\u00e9lj\u00e1r\u00f3l \u00e9s az al\u00e1bbi inform\u00e1ci\u00f3kr\u00f3l:<\/p>\n<ul>\n<li>a szem\u00e9lyes adatok t\u00e1rol\u00e1s\u00e1nak id\u0151tartam\u00e1r\u00f3l, vagy ha ez nem lehets\u00e9ges, akkor az id\u0151tartam meghat\u00e1roz\u00e1s\u00e1nak szempontjair\u00f3l;<\/li>\n<li>azon jog\u00e1r\u00f3l, hogy k\u00e9relmezheti az \u00d6nre vonatkoz\u00f3 szem\u00e9lyes adatokhoz val\u00f3 hozz\u00e1f\u00e9r\u00e9st, azok helyesb\u00edt\u00e9s\u00e9t, t\u00f6rl\u00e9s\u00e9t vagy kezel\u00e9s\u00e9nek korl\u00e1toz\u00e1s\u00e1t, \u00e9s jogos \u00e9rdeken alapul\u00f3 adatkezel\u00e9s eset\u00e9n tiltakozhat a szem\u00e9lyes adatok kezel\u00e9se ellen, valamint a hozz\u00e1j\u00e1rul\u00e1son, vagy szerz\u0151d\u00e9ses kapcsolaton alapul\u00f3 adatkezel\u00e9s eset\u00e9n k\u00e9rheti az adathordozhat\u00f3s\u00e1ghoz val\u00f3 jog biztos\u00edt\u00e1s\u00e1t;<\/li>\n<li>hozz\u00e1j\u00e1rul\u00e1son alapul\u00f3 adatkezel\u00e9s eset\u00e9n arr\u00f3l, hogy a hozz\u00e1j\u00e1rul\u00e1st \u00d6n b\u00e1rmikor visszavonhatja,<\/li>\n<li>a fel\u00fcgyeleti hat\u00f3s\u00e1ghoz c\u00edmzett panasz beny\u00fajt\u00e1s\u00e1nak jog\u00e1r\u00f3l;<\/li>\n<li>arr\u00f3l, hogy a szem\u00e9lyes adat szolg\u00e1ltat\u00e1sa jogszab\u00e1lyon vagy szerz\u0151d\u00e9ses k\u00f6telezetts\u00e9gen alapul vagy szerz\u0151d\u00e9s k\u00f6t\u00e9s\u00e9nek el\u0151felt\u00e9tele-e, valamint, hogy \u00d6n k\u00f6teles-e a szem\u00e9lyes adatokat megadni tov\u00e1bb\u00e1, hogy milyen lehets\u00e9ges k\u00f6vetkezm\u00e9nyekkel j\u00e1rhat az adatszolg\u00e1ltat\u00e1s elmarad\u00e1sa;<\/li>\n<li>az automatiz\u00e1lt d\u00f6nt\u00e9shozatal t\u00e9ny\u00e9r\u0151l (ha alkalmazott ilyen elj\u00e1r\u00e1s), ide\u00e9rtve a profilalkot\u00e1st is, valamint legal\u00e1bb ezekben az esetekben az alkalmazott logik\u00e1ra \u00e9s arra vonatkoz\u00f3an \u00e9rthet\u0151 inform\u00e1ci\u00f3kat, hogy az ilyen adatkezel\u00e9s milyen jelent\u0151s\u00e9ggel, \u00e9s \u00d6nre n\u00e9zve milyen v\u00e1rhat\u00f3 k\u00f6vetkezm\u00e9nyekkel b\u00edr.<\/li>\n<\/ul>\n<p>Az adatkezel\u00e9s csak a t\u00e1j\u00e9koztat\u00e1s megt\u00f6rt\u00e9nt\u00e9t k\u00f6vet\u0151en kezd\u0151dhet meg. Tov\u00e1bb\u00e1, amennyiben az adatkezel\u00e9s jogalapja hozz\u00e1j\u00e1rul\u00e1s, az adatkezel\u00e9shez a t\u00e1j\u00e9koztat\u00e1son fel\u00fcl \u00d6nnek hozz\u00e1 is kell j\u00e1rulnia.<\/p>\n<p>Jelen Adatkezel\u00e9si T\u00e1j\u00e9koztat\u00f3 2024. 02. 28. napj\u00e1t\u00f3l \u00e9rv\u00e9nyes.<\/p>\n<p><strong>\u00a0\u00a0\u00a0\u00a0\u00a0\u00a0<\/strong><\/p>\n<p>&nbsp;<\/p>\n<p>[\/et_pb_text][\/et_pb_column][\/et_pb_row][\/et_pb_section]<\/p>","protected":false},"excerpt":{"rendered":"<p>Adatkezel\u00e9si T\u00e1j\u00e9koztat\u00f3 Jelen dokumentum tartalmazza a\u00a0Home for Travel Kft. mint a grazingboxeshungary.hu oldal \u00fczemeltet\u0151je (a tov\u00e1bbiakban:\u00a0Adatkezel\u0151) t\u00e1j\u00e9koztat\u00e1s\u00e1t a catering szolg\u00e1ltat\u00e1st ig\u00e9nybevev\u0151k (a tov\u00e1bbiakban:\u00a0\u00c9rintett) tekintet\u00e9ben a megadott szem\u00e9lyes adatoknak a kezel\u00e9s\u00e9vel kapcsolatban. El\u00e9rhet\u0151s\u00e9geink: C\u00edm: 1071 Budapest, Dembinszky utca 19. 2\/4 E\u2010mail: info@grazingboxeshungary.hu Telefon: +36 70\u00a0342 2849 Az adatkezel\u00e9si t\u00e1j\u00e9koztat\u00f3 az Eur\u00f3pai Parlament \u00e9s a Tan\u00e1cs (EU) [&hellip;]<\/p>","protected":false},"author":1,"featured_media":0,"parent":0,"menu_order":0,"comment_status":"closed","ping_status":"closed","template":"","meta":{"_et_pb_use_builder":"on","_et_pb_old_content":"","_et_gb_content_width":"","footnotes":""},"class_list":["post-900","page","type-page","status-publish","hentry"],"_links":{"self":[{"href":"https:\/\/grazingboxeshungary.com\/en\/wp-json\/wp\/v2\/pages\/900","targetHints":{"allow":["GET"]}}],"collection":[{"href":"https:\/\/grazingboxeshungary.com\/en\/wp-json\/wp\/v2\/pages"}],"about":[{"href":"https:\/\/grazingboxeshungary.com\/en\/wp-json\/wp\/v2\/types\/page"}],"author":[{"embeddable":true,"href":"https:\/\/grazingboxeshungary.com\/en\/wp-json\/wp\/v2\/users\/1"}],"replies":[{"embeddable":true,"href":"https:\/\/grazingboxeshungary.com\/en\/wp-json\/wp\/v2\/comments?post=900"}],"version-history":[{"count":4,"href":"https:\/\/grazingboxeshungary.com\/en\/wp-json\/wp\/v2\/pages\/900\/revisions"}],"predecessor-version":[{"id":941,"href":"https:\/\/grazingboxeshungary.com\/en\/wp-json\/wp\/v2\/pages\/900\/revisions\/941"}],"wp:attachment":[{"href":"https:\/\/grazingboxeshungary.com\/en\/wp-json\/wp\/v2\/media?parent=900"}],"curies":[{"name":"wp","href":"https:\/\/api.w.org\/{rel}","templated":true}]}}